{"id":1859,"date":"2019-04-16T16:09:14","date_gmt":"2019-04-16T16:09:14","guid":{"rendered":"https:\/\/www.donesbicibles.com\/inscripciones-marcha-2019\/"},"modified":"2020-02-20T18:10:36","modified_gmt":"2020-02-20T18:10:36","slug":"inscripciones-2019","status":"publish","type":"page","link":"https:\/\/www.donesbicibles.com\/ca\/inscripciones-2019\/","title":{"rendered":"Inscripcions Mig Any Bicible"},"content":{"rendered":"<p>{&#8220;main-title&#8221;:{&#8220;component&#8221;:&#8221;hc_title&#8221;,&#8221;id&#8221;:&#8221;main-title&#8221;,&#8221;title&#8221;:&#8221;Inscripcions Marxa 2019&#8243;,&#8221;subtitle&#8221;:&#8221;Diumenge 01 03 2020 &#8220;,&#8221;title_content&#8221;:{&#8220;component&#8221;:&#8221;hc_title_base&#8221;,&#8221;id&#8221;:&#8221;title-base&#8221;,&#8221;image&#8221;:&#8221;&#8221;,&#8221;breadcrumbs&#8221;:true,&#8221;white&#8221;:true}},&#8221;section_5ZtkF&#8221;:{&#8220;component&#8221;:&#8221;hc_section&#8221;,&#8221;id&#8221;:&#8221;section_5ZtkF&#8221;,&#8221;section_width&#8221;:&#8221;&#8221;,&#8221;animation&#8221;:&#8221;&#8221;,&#8221;animation_time&#8221;:&#8221;&#8221;,&#8221;timeline_animation&#8221;:&#8221;&#8221;,&#8221;timeline_delay&#8221;:&#8221;&#8221;,&#8221;timeline_order&#8221;:&#8221;&#8221;,&#8221;vertical_row&#8221;:&#8221;&#8221;,&#8221;box_middle&#8221;:&#8221;&#8221;,&#8221;css_classes&#8221;:&#8221;&#8221;,&#8221;custom_css_classes&#8221;:&#8221;&#8221;,&#8221;custom_css_styles&#8221;:&#8221;&#8221;,&#8221;section_content&#8221;:[{&#8220;component&#8221;:&#8221;hc_column&#8221;,&#8221;id&#8221;:&#8221;column_iktnc&#8221;,&#8221;column_width&#8221;:&#8221;col-md-4&#8243;,&#8221;animation&#8221;:&#8221;&#8221;,&#8221;animation_time&#8221;:&#8221;&#8221;,&#8221;timeline_animation&#8221;:&#8221;&#8221;,&#8221;timeline_delay&#8221;:&#8221;&#8221;,&#8221;timeline_order&#8221;:&#8221;&#8221;,&#8221;css_classes&#8221;:&#8221;&#8221;,&#8221;custom_css_classes&#8221;:&#8221;&#8221;,&#8221;custom_css_styles&#8221;:&#8221;&#8221;,&#8221;main_content&#8221;:[{&#8220;component&#8221;:&#8221;hc_image&#8221;,&#8221;id&#8221;:&#8221;1tmbO&#8221;,&#8221;css_classes&#8221;:&#8221;&#8221;,&#8221;custom_css_classes&#8221;:&#8221;&#8221;,&#8221;custom_css_styles&#8221;:&#8221;&#8221;,&#8221;image&#8221;:&#8221;https:\/\/www.donesbicibles.com\/wp-content\/uploads\/2020\/02\/kdd-Dones-Bicibles-732&#215;1024.jpeg|1600|1143|2262&#8243;,&#8221;alt&#8221;:&#8221;&#8221;,&#8221;thumb_size&#8221;:&#8221;large&#8221;},{&#8220;component&#8221;:&#8221;hc_space&#8221;,&#8221;id&#8221;:&#8221;hRn1p&#8221;,&#8221;css_classes&#8221;:&#8221;&#8221;,&#8221;custom_css_classes&#8221;:&#8221;&#8221;,&#8221;custom_css_styles&#8221;:&#8221;&#8221;,&#8221;size&#8221;:&#8221;m&#8221;,&#8221;height&#8221;:&#8221;&#8221;},{&#8220;component&#8221;:&#8221;hc_icon_box&#8221;,&#8221;id&#8221;:&#8221;9QrOM&#8221;,&#8221;css_classes&#8221;:&#8221;text-center &#8220;,&#8221;custom_css_classes&#8221;:&#8221;&#8221;,&#8221;custom_css_styles&#8221;:&#8221;&#8221;,&#8221;icon&#8221;:&#8221;fa fa-bicycle&#8221;,&#8221;icon_style&#8221;:&#8221;&#8221;,&#8221;icon_image&#8221;:&#8221;&#8221;,&#8221;icon_position&#8221;:&#8221;top&#8221;,&#8221;icon_size&#8221;:&#8221;text-xl&#8221;,&#8221;title_size&#8221;:&#8221;text-m&#8221;,&#8221;text_size&#8221;:&#8221;text-m&#8221;,&#8221;title&#8221;:&#8221;Recorregut de la prova&#8221;,&#8221;subtitle&#8221;:&#8221;&#8221;},{&#8220;component&#8221;:&#8221;hc_button&#8221;,&#8221;id&#8221;:&#8221;B0acb&#8221;,&#8221;css_classes&#8221;:&#8221;text-center &#8220;,&#8221;custom_css_classes&#8221;:&#8221;&#8221;,&#8221;custom_css_styles&#8221;:&#8221;&#8221;,&#8221;icon&#8221;:&#8221;&#8221;,&#8221;style&#8221;:&#8221;link&#8221;,&#8221;size&#8221;:&#8221;&#8221;,&#8221;position&#8221;:&#8221;left&#8221;,&#8221;animation&#8221;:false,&#8221;text&#8221;:&#8221;Veure el track complet&#8221;,&#8221;link_type&#8221;:&#8221;classic&#8221;,&#8221;lightbox_animation&#8221;:&#8221;&#8221;,&#8221;caption&#8221;:&#8221;&#8221;,&#8221;inner_caption&#8221;:false,&#8221;new_window&#8221;:true,&#8221;link&#8221;:&#8221;https:\/\/es.wikiloc.com\/rutas-cicloturismo\/i-quedada-dones-bicibles-10582475&#8243;,&#8221;link_content&#8221;:[],&#8221;lightbox_size&#8221;:&#8221;&#8221;,&#8221;scrollbox&#8221;:false}]},{&#8220;component&#8221;:&#8221;hc_column&#8221;,&#8221;id&#8221;:&#8221;column_MFncU&#8221;,&#8221;column_width&#8221;:&#8221;col-md-8&#8243;,&#8221;animation&#8221;:&#8221;&#8221;,&#8221;animation_time&#8221;:&#8221;&#8221;,&#8221;timeline_animation&#8221;:&#8221;&#8221;,&#8221;timeline_delay&#8221;:&#8221;&#8221;,&#8221;timeline_order&#8221;:&#8221;&#8221;,&#8221;css_classes&#8221;:&#8221;&#8221;,&#8221;custom_css_classes&#8221;:&#8221;&#8221;,&#8221;custom_css_styles&#8221;:&#8221;&#8221;,&#8221;main_content&#8221;:[{&#8220;component&#8221;:&#8221;hc_wp_editor&#8221;,&#8221;id&#8221;:&#8221;YBR3w&#8221;,&#8221;css_classes&#8221;:&#8221;&#8221;,&#8221;custom_css_classes&#8221;:&#8221;&#8221;,&#8221;custom_css_styles&#8221;:&#8221;&#8221;,&#8221;editor_content&#8221;:&#8221;<\/p>\n<ol>\\n \\t<\/p>\n<li>La inscripci\u00f3 \u00e9s <strong>personal e intransferible<\/strong> i&nbsp; l\u00b4organitzaci\u00f3 no es fa responsable de cualquier accident<\/li>\n<p>\\n \\t<\/p>\n<li>Esta prova est\u00e0 oberta a tots. <strong>&nbsp;majors de 15 anys<\/strong> i de cualsevol nacionalitat amb disposici\u00f3 de llic\u00e8ncia federativa o sense llic\u00e8ncia.<\/li>\n<p>\\n \\t<\/p>\n<li>Haur\u00e0s d&#8217;emplenar el <strong>formulari corresponent<\/strong> (AMB LLIC\u00c8NCIA \/ SENSE LLIC\u00c8NCIA).<\/li>\n<p>\\n<\/ol>\n<p>&#8220;},{&#8220;component&#8221;:&#8221;hc_column&#8221;,&#8221;id&#8221;:&#8221;column_IsQTM&#8221;,&#8221;column_width&#8221;:&#8221;col-md-6&#8243;,&#8221;animation&#8221;:&#8221;&#8221;,&#8221;animation_time&#8221;:&#8221;&#8221;,&#8221;timeline_animation&#8221;:&#8221;&#8221;,&#8221;timeline_delay&#8221;:&#8221;&#8221;,&#8221;timeline_order&#8221;:&#8221;&#8221;,&#8221;css_classes&#8221;:&#8221;&#8221;,&#8221;custom_css_classes&#8221;:&#8221;&#8221;,&#8221;custom_css_styles&#8221;:&#8221;&#8221;,&#8221;main_content&#8221;:[{&#8220;component&#8221;:&#8221;hc_space&#8221;,&#8221;id&#8221;:&#8221;gyYEF&#8221;,&#8221;css_classes&#8221;:&#8221;&#8221;,&#8221;custom_css_classes&#8221;:&#8221;&#8221;,&#8221;custom_css_styles&#8221;:&#8221;&#8221;,&#8221;size&#8221;:&#8221;m&#8221;,&#8221;height&#8221;:&#8221;&#8221;},{&#8220;component&#8221;:&#8221;hc_niche_content_box_pricing_table&#8221;,&#8221;id&#8221;:&#8221;NuzP4&#8243;,&#8221;css_classes&#8221;:&#8221;&#8221;,&#8221;custom_css_classes&#8221;:&#8221;&#8221;,&#8221;custom_css_styles&#8221;:&#8221;&#8221;,&#8221;title&#8221;:&#8221;AMB LLIC\u00c8NCIA FEDERATIVA&#8221;,&#8221;featured&#8221;:false,&#8221;extra_text&#8221;:&#8221;&#8221;,&#8221;extra_text_2&#8243;:&#8221;&#8221;,&#8221;button_text&#8221;:&#8221;inscripci\u00f3&#8221;,&#8221;button_link&#8221;:&#8221;#con-licencia&#8221;,&#8221;button_style&#8221;:&#8221;circle&#8221;,&#8221;subtitle&#8221;:&#8221;&#8221;,&#8221;rows&#8221;:[]}]},{&#8220;component&#8221;:&#8221;hc_column&#8221;,&#8221;id&#8221;:&#8221;column_C7ecR&#8221;,&#8221;column_width&#8221;:&#8221;col-md-6&#8243;,&#8221;animation&#8221;:&#8221;&#8221;,&#8221;animation_time&#8221;:&#8221;&#8221;,&#8221;timeline_animation&#8221;:&#8221;&#8221;,&#8221;timeline_delay&#8221;:&#8221;&#8221;,&#8221;timeline_order&#8221;:&#8221;&#8221;,&#8221;css_classes&#8221;:&#8221;&#8221;,&#8221;custom_css_classes&#8221;:&#8221;&#8221;,&#8221;custom_css_styles&#8221;:&#8221;&#8221;,&#8221;main_content&#8221;:[{&#8220;component&#8221;:&#8221;hc_space&#8221;,&#8221;id&#8221;:&#8221;N4ut5&#8243;,&#8221;css_classes&#8221;:&#8221;&#8221;,&#8221;custom_css_classes&#8221;:&#8221;&#8221;,&#8221;custom_css_styles&#8221;:&#8221;&#8221;,&#8221;size&#8221;:&#8221;m&#8221;,&#8221;height&#8221;:&#8221;&#8221;},{&#8220;component&#8221;:&#8221;hc_niche_content_box_pricing_table&#8221;,&#8221;id&#8221;:&#8221;BWYWV&#8221;,&#8221;css_classes&#8221;:&#8221;&#8221;,&#8221;custom_css_classes&#8221;:&#8221;&#8221;,&#8221;custom_css_styles&#8221;:&#8221;&#8221;,&#8221;title&#8221;:&#8221;SENSE LLIC\u00c8NCIA FEDERATIVA&#8221;,&#8221;featured&#8221;:false,&#8221;extra_text&#8221;:&#8221;&#8221;,&#8221;extra_text_2&#8243;:&#8221;&#8221;,&#8221;button_text&#8221;:&#8221;Inscripci\u00f3&#8221;,&#8221;button_link&#8221;:&#8221;#sin-licencia&#8221;,&#8221;button_style&#8221;:&#8221;circle&#8221;,&#8221;subtitle&#8221;:&#8221;&#8221;,&#8221;rows&#8221;:[]}]}]},{&#8220;component&#8221;:&#8221;hc_column&#8221;,&#8221;id&#8221;:&#8221;column_MwrpI&#8221;,&#8221;column_width&#8221;:&#8221;col-md-12&#8243;,&#8221;animation&#8221;:&#8221;&#8221;,&#8221;animation_time&#8221;:&#8221;&#8221;,&#8221;timeline_animation&#8221;:&#8221;&#8221;,&#8221;timeline_delay&#8221;:&#8221;&#8221;,&#8221;timeline_order&#8221;:&#8221;&#8221;,&#8221;css_classes&#8221;:&#8221;&#8221;,&#8221;custom_css_classes&#8221;:&#8221;&#8221;,&#8221;custom_css_styles&#8221;:&#8221;&#8221;,&#8221;main_content&#8221;:[{&#8220;component&#8221;:&#8221;hc_separator&#8221;,&#8221;id&#8221;:&#8221;MU2d5&#8243;,&#8221;css_classes&#8221;:&#8221;&#8221;,&#8221;custom_css_classes&#8221;:&#8221;&#8221;,&#8221;custom_css_styles&#8221;:&#8221;&#8221;,&#8221;style&#8221;:&#8221;&#8221;},{&#8220;component&#8221;:&#8221;hc_space&#8221;,&#8221;id&#8221;:&#8221;d3WQa&#8221;,&#8221;css_classes&#8221;:&#8221;&#8221;,&#8221;custom_css_classes&#8221;:&#8221;&#8221;,&#8221;custom_css_styles&#8221;:&#8221;&#8221;,&#8221;size&#8221;:&#8221;l&#8221;,&#8221;height&#8221;:&#8221;&#8221;}]},{&#8220;component&#8221;:&#8221;hc_column&#8221;,&#8221;id&#8221;:&#8221;column_gcXKd&#8221;,&#8221;column_width&#8221;:&#8221;col-md-6&#8243;,&#8221;animation&#8221;:&#8221;&#8221;,&#8221;animation_time&#8221;:&#8221;&#8221;,&#8221;timeline_animation&#8221;:&#8221;&#8221;,&#8221;timeline_delay&#8221;:&#8221;&#8221;,&#8221;timeline_order&#8221;:&#8221;&#8221;,&#8221;css_classes&#8221;:&#8221;&#8221;,&#8221;custom_css_classes&#8221;:&#8221;&#8221;,&#8221;custom_css_styles&#8221;:&#8221;padding-right:30px&#8221;,&#8221;main_content&#8221;:[{&#8220;component&#8221;:&#8221;hc_space&#8221;,&#8221;id&#8221;:&#8221;2zyvo&#8221;,&#8221;css_classes&#8221;:&#8221;&#8221;,&#8221;custom_css_classes&#8221;:&#8221;&#8221;,&#8221;custom_css_styles&#8221;:&#8221;&#8221;,&#8221;size&#8221;:&#8221;l&#8221;,&#8221;height&#8221;:&#8221;45&#8243;},{&#8220;component&#8221;:&#8221;hc_title_tag&#8221;,&#8221;id&#8221;:&#8221;XNFGT&#8221;,&#8221;css_classes&#8221;:&#8221;text-center &#8220;,&#8221;custom_css_classes&#8221;:&#8221;&#8221;,&#8221;custom_css_styles&#8221;:&#8221;&#8221;,&#8221;text&#8221;:&#8221;INSCRIPCI\u00d3 AMB LLIC\u00c8NCIA FEDERATIVA&#8221;,&#8221;tag&#8221;:&#8221;h3&#8243;},{&#8220;component&#8221;:&#8221;hc_wp_editor&#8221;,&#8221;id&#8221;:&#8221;mB0Cc&#8221;,&#8221;css_classes&#8221;:&#8221;&#8221;,&#8221;custom_css_classes&#8221;:&#8221;&#8221;,&#8221;custom_css_styles&#8221;:&#8221;&#8221;,&#8221;editor_content&#8221;:&#8221;<a name=\\\"con-licencia\\\"><\/a><p class=\"wpcf7-contact-form-not-found\"><strong>Error:<\/strong> No s&#039;ha trobat el formulari de contacte.<\/p>&#8220;}]},{&#8220;component&#8221;:&#8221;hc_column&#8221;,&#8221;id&#8221;:&#8221;column_sS2od&#8221;,&#8221;column_width&#8221;:&#8221;col-md-6&#8243;,&#8221;animation&#8221;:&#8221;&#8221;,&#8221;animation_time&#8221;:&#8221;&#8221;,&#8221;timeline_animation&#8221;:&#8221;&#8221;,&#8221;timeline_delay&#8221;:&#8221;&#8221;,&#8221;timeline_order&#8221;:&#8221;&#8221;,&#8221;css_classes&#8221;:&#8221;section-bg-color text-color &#8220;,&#8221;custom_css_classes&#8221;:&#8221;&#8221;,&#8221;custom_css_styles&#8221;:&#8221;padding:50px&#8221;,&#8221;main_content&#8221;:[{&#8220;component&#8221;:&#8221;hc_title_tag&#8221;,&#8221;id&#8221;:&#8221;76nZ2&#8243;,&#8221;css_classes&#8221;:&#8221;text-center &#8220;,&#8221;custom_css_classes&#8221;:&#8221;&#8221;,&#8221;custom_css_styles&#8221;:&#8221;&#8221;,&#8221;text&#8221;:&#8221;INSCRIPCI\u00d3 SENSE LLIC\u00c8NCIA FEDERATIVA&#8221;,&#8221;tag&#8221;:&#8221;h3&#8243;},{&#8220;component&#8221;:&#8221;hc_wp_editor&#8221;,&#8221;id&#8221;:&#8221;sPOoN&#8221;,&#8221;css_classes&#8221;:&#8221;&#8221;,&#8221;custom_css_classes&#8221;:&#8221;&#8221;,&#8221;custom_css_styles&#8221;:&#8221;&#8221;,&#8221;editor_content&#8221;:&#8221;<a name=\\\"sin-licencia\\\"><\/a><p class=\"wpcf7-contact-form-not-found\"><strong>Error:<\/strong> No s&#039;ha trobat el formulari de contacte.<\/p>&#8220;}]}],&#8221;section_settings&#8221;:&#8221;&#8221;},&#8221;scripts&#8221;:{},&#8221;css&#8221;:{&#8220;content_box&#8221;:&#8221;css\/content-box.css&#8221;},&#8221;css_page&#8221;:&#8221;&#8221;,&#8221;template_setting&#8221;:{&#8220;settings&#8221;:{&#8220;id&#8221;:&#8221;settings&#8221;}},&#8221;template_setting_top&#8221;:{},&#8221;page_setting&#8221;:{&#8220;settings&#8221;:[&#8220;lock-mode-off&#8221;]}}<\/p>\n","protected":false},"excerpt":{"rendered":"<p>{&#8220;main-title&#8221;:{&#8220;component&#8221;:&#8221;hc_title&#8221;,&#8221;id&#8221;:&#8221;main-title&#8221;,&#8221;title&#8221;:&#8221;Inscripcions Marxa 2019&#8243;,&#8221;subtitle&#8221;:&#8221;Diumenge 01 03 2020 &#8220;,&#8221;title_content&#8221;:{&#8220;component&#8221;:&#8221;hc_title_base&#8221;,&#8221;id&#8221;:&#8221;title-base&#8221;,&#8221;image&#8221;:&#8221;&#8221;,&#8221;breadcrumbs&#8221;:true,&#8221;white&#8221;:true}},&#8221;section_5ZtkF&#8221;:{&#8220;component&#8221;:&#8221;hc_section&#8221;,&#8221;id&#8221;:&#8221;section_5ZtkF&#8221;,&#8221;section_width&#8221;:&#8221;&#8221;,&#8221;animation&#8221;:&#8221;&#8221;,&#8221;animation_time&#8221;:&#8221;&#8221;,&#8221;timeline_animation&#8221;:&#8221;&#8221;,&#8221;timeline_delay&#8221;:&#8221;&#8221;,&#8221;timeline_order&#8221;:&#8221;&#8221;,&#8221;vertical_row&#8221;:&#8221;&#8221;,&#8221;box_middle&#8221;:&#8221;&#8221;,&#8221;css_classes&#8221;:&#8221;&#8221;,&#8221;custom_css_classes&#8221;:&#8221;&#8221;,&#8221;custom_css_styles&#8221;:&#8221;&#8221;,&#8221;section_content&#8221;:[{&#8220;component&#8221;:&#8221;hc_column&#8221;,&#8221;id&#8221;:&#8221;column_iktnc&#8221;,&#8221;column_width&#8221;:&#8221;col-md-4&#8243;,&#8221;animation&#8221;:&#8221;&#8221;,&#8221;animation_time&#8221;:&#8221;&#8221;,&#8221;timeline_animation&#8221;:&#8221;&#8221;,&#8221;timeline_delay&#8221;:&#8221;&#8221;,&#8221;timeline_order&#8221;:&#8221;&#8221;,&#8221;css_classes&#8221;:&#8221;&#8221;,&#8221;custom_css_classes&#8221;:&#8221;&#8221;,&#8221;custom_css_styles&#8221;:&#8221;&#8221;,&#8221;main_content&#8221;:[{&#8220;component&#8221;:&#8221;hc_image&#8221;,&#8221;id&#8221;:&#8221;1tmbO&#8221;,&#8221;css_classes&#8221;:&#8221;&#8221;,&#8221;custom_css_classes&#8221;:&#8221;&#8221;,&#8221;custom_css_styles&#8221;:&#8221;&#8221;,&#8221;image&#8221;:&#8221;https:\/\/www.donesbicibles.com\/wp-content\/uploads\/2020\/02\/kdd-Dones-Bicibles-732&#215;1024.jpeg|1600|1143|2262&#8243;,&#8221;alt&#8221;:&#8221;&#8221;,&#8221;thumb_size&#8221;:&#8221;large&#8221;},{&#8220;component&#8221;:&#8221;hc_space&#8221;,&#8221;id&#8221;:&#8221;hRn1p&#8221;,&#8221;css_classes&#8221;:&#8221;&#8221;,&#8221;custom_css_classes&#8221;:&#8221;&#8221;,&#8221;custom_css_styles&#8221;:&#8221;&#8221;,&#8221;size&#8221;:&#8221;m&#8221;,&#8221;height&#8221;:&#8221;&#8221;},{&#8220;component&#8221;:&#8221;hc_icon_box&#8221;,&#8221;id&#8221;:&#8221;9QrOM&#8221;,&#8221;css_classes&#8221;:&#8221;text-center &#8220;,&#8221;custom_css_classes&#8221;:&#8221;&#8221;,&#8221;custom_css_styles&#8221;:&#8221;&#8221;,&#8221;icon&#8221;:&#8221;fa fa-bicycle&#8221;,&#8221;icon_style&#8221;:&#8221;&#8221;,&#8221;icon_image&#8221;:&#8221;&#8221;,&#8221;icon_position&#8221;:&#8221;top&#8221;,&#8221;icon_size&#8221;:&#8221;text-xl&#8221;,&#8221;title_size&#8221;:&#8221;text-m&#8221;,&#8221;text_size&#8221;:&#8221;text-m&#8221;,&#8221;title&#8221;:&#8221;Recorregut de la prova&#8221;,&#8221;subtitle&#8221;:&#8221;&#8221;},{&#8220;component&#8221;:&#8221;hc_button&#8221;,&#8221;id&#8221;:&#8221;B0acb&#8221;,&#8221;css_classes&#8221;:&#8221;text-center &#8220;,&#8221;custom_css_classes&#8221;:&#8221;&#8221;,&#8221;custom_css_styles&#8221;:&#8221;&#8221;,&#8221;icon&#8221;:&#8221;&#8221;,&#8221;style&#8221;:&#8221;link&#8221;,&#8221;size&#8221;:&#8221;&#8221;,&#8221;position&#8221;:&#8221;left&#8221;,&#8221;animation&#8221;:false,&#8221;text&#8221;:&#8221;Veure el track complet&#8221;,&#8221;link_type&#8221;:&#8221;classic&#8221;,&#8221;lightbox_animation&#8221;:&#8221;&#8221;,&#8221;caption&#8221;:&#8221;&#8221;,&#8221;inner_caption&#8221;:false,&#8221;new_window&#8221;:true,&#8221;link&#8221;:&#8221;https:\/\/es.wikiloc.com\/rutas-cicloturismo\/i-quedada-dones-bicibles-10582475&#8243;,&#8221;link_content&#8221;:[],&#8221;lightbox_size&#8221;:&#8221;&#8221;,&#8221;scrollbox&#8221;:false}]},{&#8220;component&#8221;:&#8221;hc_column&#8221;,&#8221;id&#8221;:&#8221;column_MFncU&#8221;,&#8221;column_width&#8221;:&#8221;col-md-8&#8243;,&#8221;animation&#8221;:&#8221;&#8221;,&#8221;animation_time&#8221;:&#8221;&#8221;,&#8221;timeline_animation&#8221;:&#8221;&#8221;,&#8221;timeline_delay&#8221;:&#8221;&#8221;,&#8221;timeline_order&#8221;:&#8221;&#8221;,&#8221;css_classes&#8221;:&#8221;&#8221;,&#8221;custom_css_classes&#8221;:&#8221;&#8221;,&#8221;custom_css_styles&#8221;:&#8221;&#8221;,&#8221;main_content&#8221;:[{&#8220;component&#8221;:&#8221;hc_wp_editor&#8221;,&#8221;id&#8221;:&#8221;YBR3w&#8221;,&#8221;css_classes&#8221;:&#8221;&#8221;,&#8221;custom_css_classes&#8221;:&#8221;&#8221;,&#8221;custom_css_styles&#8221;:&#8221;&#8221;,&#8221;editor_content&#8221;:&#8221; \\n \\t La inscripci\u00f3 \u00e9s personal e intransferible i&nbsp; l\u00b4organitzaci\u00f3 no es fa responsable de cualquier accident \\n \\t Esta prova est\u00e0 oberta a tots. &nbsp;majors de 15 anys i de cualsevol nacionalitat amb disposici\u00f3 de llic\u00e8ncia federativa o [&hellip;]<\/p>\n","protected":false},"author":1,"featured_media":0,"parent":0,"menu_order":0,"comment_status":"closed","ping_status":"closed","template":"","meta":{"footnotes":""},"class_list":["post-1859","page","type-page","status-publish","hentry"],"_links":{"self":[{"href":"https:\/\/www.donesbicibles.com\/ca\/wp-json\/wp\/v2\/pages\/1859"}],"collection":[{"href":"https:\/\/www.donesbicibles.com\/ca\/wp-json\/wp\/v2\/pages"}],"about":[{"href":"https:\/\/www.donesbicibles.com\/ca\/wp-json\/wp\/v2\/types\/page"}],"author":[{"embeddable":true,"href":"https:\/\/www.donesbicibles.com\/ca\/wp-json\/wp\/v2\/users\/1"}],"replies":[{"embeddable":true,"href":"https:\/\/www.donesbicibles.com\/ca\/wp-json\/wp\/v2\/comments?post=1859"}],"version-history":[{"count":7,"href":"https:\/\/www.donesbicibles.com\/ca\/wp-json\/wp\/v2\/pages\/1859\/revisions"}],"predecessor-version":[{"id":2282,"href":"https:\/\/www.donesbicibles.com\/ca\/wp-json\/wp\/v2\/pages\/1859\/revisions\/2282"}],"wp:attachment":[{"href":"https:\/\/www.donesbicibles.com\/ca\/wp-json\/wp\/v2\/media?parent=1859"}],"curies":[{"name":"wp","href":"https:\/\/api.w.org\/{rel}","templated":true}]}}